{"id":413,"date":"2023-03-24T13:27:14","date_gmt":"2023-03-24T12:27:14","guid":{"rendered":"http:\/\/centre-equestre-palis.fr\/?page_id=413"},"modified":"2023-07-20T15:19:04","modified_gmt":"2023-07-20T13:19:04","slug":"nos-activites","status":"publish","type":"page","link":"https:\/\/centre-equestre-palis.fr\/?page_id=413","title":{"rendered":"Nos activit\u00e9s"},"content":{"rendered":"\t\t<div data-elementor-type=\"wp-page\" data-elementor-id=\"413\" class=\"elementor elementor-413\" data-elementor-post-type=\"page\">\n\t\t\t\t\t\t<section class=\"elementor-section elementor-top-section elementor-element elementor-element-0ab644e elementor-section-full_width elementor-section-stretched elementor-section-height-default elementor-section-height-default\" data-id=\"0ab644e\" data-element_type=\"section\" data-e-type=\"section\" data-settings=\"{&quot;stretch_section&quot;:&quot;section-stretched&quot;,&quot;background_background&quot;:&quot;classic&quot;}\">\n\t\t\t\t\t\t\t<div class=\"elementor-background-overlay\"><\/div>\n\t\t\t\t\t\t\t<div class=\"elementor-container elementor-column-gap-default\">\n\t\t\t\t\t<div class=\"elementor-column elementor-col-100 elementor-top-column elementor-element elementor-element-11f603a\" data-id=\"11f603a\" data-element_type=\"column\" data-e-type=\"column\">\n\t\t\t<div class=\"elementor-widget-wrap elementor-element-populated\">\n\t\t\t\t\t\t<div class=\"elementor-element elementor-element-ddf31be elementor-hidden-desktop elementor-hidden-tablet elementor-invisible elementor-widget elementor-widget-heading\" data-id=\"ddf31be\" data-element_type=\"widget\" data-e-type=\"widget\" data-settings=\"{&quot;_animation&quot;:&quot;fadeInRight&quot;}\" data-widget_type=\"heading.default\">\n\t\t\t\t<div class=\"elementor-widget-container\">\n\t\t\t\t\t<h2 class=\"elementor-heading-title elementor-size-default\">Des cours et des concours adapt\u00e9s \u00e0 votre niveau et \u00e0 votre \u00e2ge<\/h2>\t\t\t\t<\/div>\n\t\t\t\t<\/div>\n\t\t\t\t<section class=\"elementor-section elementor-inner-section elementor-element elementor-element-c46b63c elementor-section-boxed elementor-section-height-default elementor-section-height-default\" data-id=\"c46b63c\" data-element_type=\"section\" data-e-type=\"section\">\n\t\t\t\t\t\t<div class=\"elementor-container elementor-column-gap-default\">\n\t\t\t\t\t<div class=\"elementor-column elementor-col-50 elementor-inner-column elementor-element elementor-element-af0d27e\" data-id=\"af0d27e\" data-element_type=\"column\" data-e-type=\"column\" data-settings=\"{&quot;background_background&quot;:&quot;classic&quot;}\">\n\t\t\t<div class=\"elementor-widget-wrap\">\n\t\t\t\t\t\t\t<\/div>\n\t\t<\/div>\n\t\t\t\t<div class=\"elementor-column elementor-col-50 elementor-inner-column elementor-element elementor-element-0859ff2 elementor-hidden-mobile\" data-id=\"0859ff2\" data-element_type=\"column\" data-e-type=\"column\">\n\t\t\t<div class=\"elementor-widget-wrap elementor-element-populated\">\n\t\t\t\t\t\t<div class=\"elementor-element elementor-element-7919f02 elementor-invisible elementor-widget elementor-widget-heading\" data-id=\"7919f02\" data-element_type=\"widget\" data-e-type=\"widget\" data-settings=\"{&quot;_animation&quot;:&quot;fadeInRight&quot;}\" data-widget_type=\"heading.default\">\n\t\t\t\t<div class=\"elementor-widget-container\">\n\t\t\t\t\t<h2 class=\"elementor-heading-title elementor-size-default\">Des cours  et des concours<div>adapt\u00e9s \u00e0 votre niveau et \u00e0 votre \u00e2ge<\/div><\/h2>\t\t\t\t<\/div>\n\t\t\t\t<\/div>\n\t\t\t\t<div class=\"elementor-element elementor-element-294c005 elementor-widget elementor-widget-text-editor\" data-id=\"294c005\" data-element_type=\"widget\" data-e-type=\"widget\" data-widget_type=\"text-editor.default\">\n\t\t\t\t<div class=\"elementor-widget-container\">\n\t\t\t\t\t\t\t\t\t<p>En p\u00e9riode scolaire, petit ou grand, enfant ou adulte, d\u00e9butant ou confirm\u00e9 : du baby-poney \u00e0 la comp\u00e9tition, vous trouverez monture adapt\u00e9e !<\/p>\t\t\t\t\t\t\t\t<\/div>\n\t\t\t\t<\/div>\n\t\t\t\t<div class=\"elementor-element elementor-element-3e8fd33 elementor-widget elementor-widget-button\" data-id=\"3e8fd33\" data-element_type=\"widget\" data-e-type=\"widget\" data-widget_type=\"button.default\">\n\t\t\t\t<div class=\"elementor-widget-container\">\n\t\t\t\t\t\t\t\t\t<div class=\"elementor-button-wrapper\">\n\t\t\t\t\t<a class=\"elementor-button elementor-button-link elementor-size-sm elementor-animation-shrink\" href=\"http:\/\/centre-equestre-palis.fr\/?page_id=569#cours\">\n\t\t\t\t\t\t<span class=\"elementor-button-content-wrapper\">\n\t\t\t\t\t\t\t\t\t<span class=\"elementor-button-text\">R\u00e9server<\/span>\n\t\t\t\t\t<\/span>\n\t\t\t\t\t<\/a>\n\t\t\t\t<\/div>\n\t\t\t\t\t\t\t\t<\/div>\n\t\t\t\t<\/div>\n\t\t\t\t\t<\/div>\n\t\t<\/div>\n\t\t\t\t\t<\/div>\n\t\t<\/section>\n\t\t\t\t\t<\/div>\n\t\t<\/div>\n\t\t\t\t\t<\/div>\n\t\t<\/section>\n\t\t<div class=\"elementor-element elementor-element-8467791 e-grid elementor-hidden-tablet elementor-hidden-mobile e-con-boxed e-con e-parent\" data-id=\"8467791\" data-element_type=\"container\" data-e-type=\"container\">\n\t\t\t\t\t<div class=\"e-con-inner\">\n\t\t\t\t<div class=\"elementor-element elementor-element-8f2eb9f elementor-widget elementor-widget-image\" data-id=\"8f2eb9f\" data-element_type=\"widget\" data-e-type=\"widget\" data-widget_type=\"image.default\">\n\t\t\t\t<div class=\"elementor-widget-container\">\n\t\t\t\t\t\t\t\t\t\t\t\t\t\t\t<img decoding=\"async\" width=\"150\" height=\"150\" src=\"https:\/\/centre-equestre-palis.fr\/wp-content\/uploads\/2023\/07\/Design-sans-titre-20-150x150.png\" class=\"attachment-thumbnail size-thumbnail wp-image-2369\" alt=\"\" srcset=\"https:\/\/centre-equestre-palis.fr\/wp-content\/uploads\/2023\/07\/Design-sans-titre-20-150x150.png 150w, https:\/\/centre-equestre-palis.fr\/wp-content\/uploads\/2023\/07\/Design-sans-titre-20.png 300w\" sizes=\"(max-width: 150px) 100vw, 150px\" \/>\t\t\t\t\t\t\t\t\t\t\t\t\t\t\t<\/div>\n\t\t\t\t<\/div>\n\t\t\t\t<div class=\"elementor-element elementor-element-27043d9 elementor-widget elementor-widget-image\" data-id=\"27043d9\" data-element_type=\"widget\" data-e-type=\"widget\" data-widget_type=\"image.default\">\n\t\t\t\t<div class=\"elementor-widget-container\">\n\t\t\t\t\t\t\t\t\t\t\t\t\t\t\t<img decoding=\"async\" width=\"150\" height=\"150\" src=\"https:\/\/centre-equestre-palis.fr\/wp-content\/uploads\/2023\/07\/Design-sans-titre-21-150x150.png\" class=\"attachment-thumbnail size-thumbnail wp-image-2370\" alt=\"\" srcset=\"https:\/\/centre-equestre-palis.fr\/wp-content\/uploads\/2023\/07\/Design-sans-titre-21-150x150.png 150w, https:\/\/centre-equestre-palis.fr\/wp-content\/uploads\/2023\/07\/Design-sans-titre-21.png 300w\" sizes=\"(max-width: 150px) 100vw, 150px\" \/>\t\t\t\t\t\t\t\t\t\t\t\t\t\t\t<\/div>\n\t\t\t\t<\/div>\n\t\t\t\t<div class=\"elementor-element elementor-element-616b6db elementor-widget elementor-widget-image\" data-id=\"616b6db\" data-element_type=\"widget\" data-e-type=\"widget\" data-widget_type=\"image.default\">\n\t\t\t\t<div class=\"elementor-widget-container\">\n\t\t\t\t\t\t\t\t\t\t\t\t\t\t\t<img decoding=\"async\" width=\"150\" height=\"150\" src=\"https:\/\/centre-equestre-palis.fr\/wp-content\/uploads\/2023\/07\/Design-sans-titre-22-150x150.png\" class=\"attachment-thumbnail size-thumbnail wp-image-2371\" alt=\"\" srcset=\"https:\/\/centre-equestre-palis.fr\/wp-content\/uploads\/2023\/07\/Design-sans-titre-22-150x150.png 150w, https:\/\/centre-equestre-palis.fr\/wp-content\/uploads\/2023\/07\/Design-sans-titre-22.png 300w\" sizes=\"(max-width: 150px) 100vw, 150px\" \/>\t\t\t\t\t\t\t\t\t\t\t\t\t\t\t<\/div>\n\t\t\t\t<\/div>\n\t\t\t\t<div class=\"elementor-element elementor-element-d95c1ee elementor-widget elementor-widget-image\" data-id=\"d95c1ee\" data-element_type=\"widget\" data-e-type=\"widget\" data-widget_type=\"image.default\">\n\t\t\t\t<div class=\"elementor-widget-container\">\n\t\t\t\t\t\t\t\t\t\t\t\t\t\t\t<img decoding=\"async\" width=\"150\" height=\"150\" src=\"https:\/\/centre-equestre-palis.fr\/wp-content\/uploads\/2023\/07\/Design-sans-titre-20-150x150.png\" class=\"attachment-thumbnail size-thumbnail wp-image-2369\" alt=\"\" srcset=\"https:\/\/centre-equestre-palis.fr\/wp-content\/uploads\/2023\/07\/Design-sans-titre-20-150x150.png 150w, https:\/\/centre-equestre-palis.fr\/wp-content\/uploads\/2023\/07\/Design-sans-titre-20.png 300w\" sizes=\"(max-width: 150px) 100vw, 150px\" \/>\t\t\t\t\t\t\t\t\t\t\t\t\t\t\t<\/div>\n\t\t\t\t<\/div>\n\t\t\t\t<div class=\"elementor-element elementor-element-4042a72 elementor-widget elementor-widget-image\" data-id=\"4042a72\" data-element_type=\"widget\" data-e-type=\"widget\" data-widget_type=\"image.default\">\n\t\t\t\t<div class=\"elementor-widget-container\">\n\t\t\t\t\t\t\t\t\t\t\t\t\t\t\t<img decoding=\"async\" width=\"150\" height=\"150\" src=\"https:\/\/centre-equestre-palis.fr\/wp-content\/uploads\/2023\/07\/Design-sans-titre-21-150x150.png\" class=\"attachment-thumbnail size-thumbnail wp-image-2370\" alt=\"\" srcset=\"https:\/\/centre-equestre-palis.fr\/wp-content\/uploads\/2023\/07\/Design-sans-titre-21-150x150.png 150w, https:\/\/centre-equestre-palis.fr\/wp-content\/uploads\/2023\/07\/Design-sans-titre-21.png 300w\" sizes=\"(max-width: 150px) 100vw, 150px\" \/>\t\t\t\t\t\t\t\t\t\t\t\t\t\t\t<\/div>\n\t\t\t\t<\/div>\n\t\t\t\t<div class=\"elementor-element elementor-element-f46aca8 elementor-widget elementor-widget-heading\" data-id=\"f46aca8\" data-element_type=\"widget\" data-e-type=\"widget\" data-widget_type=\"heading.default\">\n\t\t\t\t<div class=\"elementor-widget-container\">\n\t\t\t\t\t<h3 class=\"elementor-heading-title elementor-size-default\">Baby-poney<\/h3>\t\t\t\t<\/div>\n\t\t\t\t<\/div>\n\t\t\t\t<div class=\"elementor-element elementor-element-03dcdee elementor-widget elementor-widget-heading\" data-id=\"03dcdee\" data-element_type=\"widget\" data-e-type=\"widget\" data-widget_type=\"heading.default\">\n\t\t\t\t<div class=\"elementor-widget-container\">\n\t\t\t\t\t<h3 class=\"elementor-heading-title elementor-size-default\">Cours collectif<\/h3>\t\t\t\t<\/div>\n\t\t\t\t<\/div>\n\t\t\t\t<div class=\"elementor-element elementor-element-aaf0453 elementor-widget elementor-widget-heading\" data-id=\"aaf0453\" data-element_type=\"widget\" data-e-type=\"widget\" data-widget_type=\"heading.default\">\n\t\t\t\t<div class=\"elementor-widget-container\">\n\t\t\t\t\t<h3 class=\"elementor-heading-title elementor-size-default\">Cours collectif \u00e0 th\u00e8me<\/h3>\t\t\t\t<\/div>\n\t\t\t\t<\/div>\n\t\t\t\t<div class=\"elementor-element elementor-element-746cc88 elementor-widget elementor-widget-heading\" data-id=\"746cc88\" data-element_type=\"widget\" data-e-type=\"widget\" data-widget_type=\"heading.default\">\n\t\t\t\t<div class=\"elementor-widget-container\">\n\t\t\t\t\t<h3 class=\"elementor-heading-title elementor-size-default\">Cours particuliers<\/h3>\t\t\t\t<\/div>\n\t\t\t\t<\/div>\n\t\t\t\t<div class=\"elementor-element elementor-element-44d451e elementor-widget elementor-widget-heading\" data-id=\"44d451e\" data-element_type=\"widget\" data-e-type=\"widget\" data-widget_type=\"heading.default\">\n\t\t\t\t<div class=\"elementor-widget-container\">\n\t\t\t\t\t<h3 class=\"elementor-heading-title elementor-size-default\">Comp\u00e9tition<\/h3>\t\t\t\t<\/div>\n\t\t\t\t<\/div>\n\t\t\t\t<div class=\"elementor-element elementor-element-8b66347 elementor-widget elementor-widget-text-editor\" data-id=\"8b66347\" data-element_type=\"widget\" data-e-type=\"widget\" data-widget_type=\"text-editor.default\">\n\t\t\t\t<div class=\"elementor-widget-container\">\n\t\t\t\t\t\t\t\t\t<p>A partir de 4 ans :<\/p><p>Ils permettent \u00e0 l&rsquo;enfant de d\u00e9couvrir l&rsquo;environnement \u00e9questre, le cheval et l&rsquo;\u00e9quitation de fa\u00e7on ludique.<\/p>\t\t\t\t\t\t\t\t<\/div>\n\t\t\t\t<\/div>\n\t\t\t\t<div class=\"elementor-element elementor-element-6ee71aa elementor-widget elementor-widget-text-editor\" data-id=\"6ee71aa\" data-element_type=\"widget\" data-e-type=\"widget\" data-widget_type=\"text-editor.default\">\n\t\t\t\t<div class=\"elementor-widget-container\">\n\t\t\t\t\t\t\t\t\t<p>C&rsquo;est l&rsquo;apprentissage et le perfectionnement dans toutes les disciplines \u00e9questres et dans leur globalit\u00e9. C&rsquo;est apprendre l&rsquo;esprit d&rsquo;\u00e9quipe, le partage, le respect de ses \u00e9quipiers et aussi celui du cheval.<\/p><p>C&rsquo;est prendre part au groupe qui sera le plus en accord avec ses d\u00e9sirs : l&rsquo;\u00e9quitation plaisir pour les uns, une \u00e9quitation plus ax\u00e9e sur la comp\u00e9tition sur les autres.<\/p>\t\t\t\t\t\t\t\t<\/div>\n\t\t\t\t<\/div>\n\t\t\t\t<div class=\"elementor-element elementor-element-e786b6f elementor-widget elementor-widget-text-editor\" data-id=\"e786b6f\" data-element_type=\"widget\" data-e-type=\"widget\" data-widget_type=\"text-editor.default\">\n\t\t\t\t<div class=\"elementor-widget-container\">\n\t\t\t\t\t\t\t\t\t<p>&#8211; Equifun<\/p><p>&#8211; Pleine nature<\/p><p>&#8211; Cours complet<\/p><p>&#8211; Obstacles<\/p><p>&#8211; Et de nombreux autres th\u00e8mes&#8230;<\/p>\t\t\t\t\t\t\t\t<\/div>\n\t\t\t\t<\/div>\n\t\t\t\t<div class=\"elementor-element elementor-element-7d036cd elementor-widget elementor-widget-text-editor\" data-id=\"7d036cd\" data-element_type=\"widget\" data-e-type=\"widget\" data-widget_type=\"text-editor.default\">\n\t\t\t\t<div class=\"elementor-widget-container\">\n\t\t\t\t\t\t\t\t\t<p>Ils permettent au cavalier d&rsquo;\u00eatre accompagn\u00e9 et coach\u00e9 de fa\u00e7on individualis\u00e9e et ainsi, progresser plus rapidement, travailler une difficult\u00e9 particuli\u00e8re, pr\u00e9parer une comp\u00e9tition&#8230;<\/p>\t\t\t\t\t\t\t\t<\/div>\n\t\t\t\t<\/div>\n\t\t\t\t<div class=\"elementor-element elementor-element-9057528 elementor-widget elementor-widget-text-editor\" data-id=\"9057528\" data-element_type=\"widget\" data-e-type=\"widget\" data-widget_type=\"text-editor.default\">\n\t\t\t\t<div class=\"elementor-widget-container\">\n\t\t\t\t\t\t\t\t\t<p>Organis\u00e9es r\u00e9guli\u00e8rement, elles permettent au cavalier de se mesurer aux autres, de monter \u00e0 cheval dans un autre environnement, de rencontrer d&rsquo;autres cavaliers.<\/p><p>En tant qu&rsquo;\u00e9quipe sportive, sortir en comp\u00e9tition, c&rsquo;est se soutenir les uns les autres, r\u00e9conforter et encourager celui qui \u00e9choue, f\u00e9liciter celui qui gagne !<\/p><p>C&rsquo;est pr\u00e9parer les sorties, le camion, les affaires, le foin, tout le mat\u00e9riel&#8230;<\/p><p>C&rsquo;est se retrouver au petit matin, souvent tr\u00e8s tr\u00e8s t\u00f4t pour arriver \u00e0 l&rsquo;heure pour la reco !<\/p><p>C&rsquo;est passer la journ\u00e9e ensemble, c&rsquo;est se qualifier (souvent !), marquer des points (toujours !).<\/p><p>C&rsquo;est pouvoir \u00eatre fier du travail que l&rsquo;on a fourni !<\/p>\t\t\t\t\t\t\t\t<\/div>\n\t\t\t\t<\/div>\n\t\t\t\t\t<\/div>\n\t\t\t\t<\/div>\n\t\t<div class=\"elementor-element elementor-element-728ad36 e-grid elementor-hidden-desktop elementor-hidden-tablet e-con-boxed e-con e-parent\" data-id=\"728ad36\" data-element_type=\"container\" data-e-type=\"container\">\n\t\t\t\t\t<div class=\"e-con-inner\">\n\t\t\t\t<div class=\"elementor-element elementor-element-35a1b03 elementor-widget elementor-widget-image\" data-id=\"35a1b03\" data-element_type=\"widget\" data-e-type=\"widget\" data-widget_type=\"image.default\">\n\t\t\t\t<div class=\"elementor-widget-container\">\n\t\t\t\t\t\t\t\t\t\t\t\t\t\t\t<img decoding=\"async\" width=\"150\" height=\"150\" src=\"https:\/\/centre-equestre-palis.fr\/wp-content\/uploads\/2023\/07\/Design-sans-titre-20-150x150.png\" class=\"attachment-thumbnail size-thumbnail wp-image-2369\" alt=\"\" srcset=\"https:\/\/centre-equestre-palis.fr\/wp-content\/uploads\/2023\/07\/Design-sans-titre-20-150x150.png 150w, https:\/\/centre-equestre-palis.fr\/wp-content\/uploads\/2023\/07\/Design-sans-titre-20.png 300w\" sizes=\"(max-width: 150px) 100vw, 150px\" \/>\t\t\t\t\t\t\t\t\t\t\t\t\t\t\t<\/div>\n\t\t\t\t<\/div>\n\t\t\t\t<div class=\"elementor-element elementor-element-a7be79a elementor-widget elementor-widget-heading\" data-id=\"a7be79a\" data-element_type=\"widget\" data-e-type=\"widget\" data-widget_type=\"heading.default\">\n\t\t\t\t<div class=\"elementor-widget-container\">\n\t\t\t\t\t<h3 class=\"elementor-heading-title elementor-size-default\">Baby-poney<\/h3>\t\t\t\t<\/div>\n\t\t\t\t<\/div>\n\t\t\t\t<div class=\"elementor-element elementor-element-3d09dea elementor-widget elementor-widget-text-editor\" data-id=\"3d09dea\" data-element_type=\"widget\" data-e-type=\"widget\" data-widget_type=\"text-editor.default\">\n\t\t\t\t<div class=\"elementor-widget-container\">\n\t\t\t\t\t\t\t\t\t<p>A partir de 4 ans : ils permettent \u00e0 l&rsquo;enfant de d\u00e9couvrir l&rsquo;environnement \u00e9questre, le cheval et l&rsquo;\u00e9quitation de fa\u00e7on ludique.<\/p>\t\t\t\t\t\t\t\t<\/div>\n\t\t\t\t<\/div>\n\t\t\t\t<div class=\"elementor-element elementor-element-41c8f40 elementor-widget elementor-widget-image\" data-id=\"41c8f40\" data-element_type=\"widget\" data-e-type=\"widget\" data-widget_type=\"image.default\">\n\t\t\t\t<div class=\"elementor-widget-container\">\n\t\t\t\t\t\t\t\t\t\t\t\t\t\t\t<img decoding=\"async\" width=\"150\" height=\"150\" src=\"https:\/\/centre-equestre-palis.fr\/wp-content\/uploads\/2023\/07\/Design-sans-titre-21-150x150.png\" class=\"attachment-thumbnail size-thumbnail wp-image-2370\" alt=\"\" srcset=\"https:\/\/centre-equestre-palis.fr\/wp-content\/uploads\/2023\/07\/Design-sans-titre-21-150x150.png 150w, https:\/\/centre-equestre-palis.fr\/wp-content\/uploads\/2023\/07\/Design-sans-titre-21.png 300w\" sizes=\"(max-width: 150px) 100vw, 150px\" \/>\t\t\t\t\t\t\t\t\t\t\t\t\t\t\t<\/div>\n\t\t\t\t<\/div>\n\t\t\t\t<div class=\"elementor-element elementor-element-13b5d00 elementor-widget elementor-widget-heading\" data-id=\"13b5d00\" data-element_type=\"widget\" data-e-type=\"widget\" data-widget_type=\"heading.default\">\n\t\t\t\t<div class=\"elementor-widget-container\">\n\t\t\t\t\t<h3 class=\"elementor-heading-title elementor-size-default\">Cours collectif<\/h3>\t\t\t\t<\/div>\n\t\t\t\t<\/div>\n\t\t\t\t<div class=\"elementor-element elementor-element-db53e9b elementor-widget elementor-widget-text-editor\" data-id=\"db53e9b\" data-element_type=\"widget\" data-e-type=\"widget\" data-widget_type=\"text-editor.default\">\n\t\t\t\t<div class=\"elementor-widget-container\">\n\t\t\t\t\t\t\t\t\t<p>C&rsquo;est l&rsquo;apprentissage et le perfectionnement dans toutes les disciplines \u00e9questres et dans leur globalit\u00e9. C&rsquo;est apprendre l&rsquo;esprit d&rsquo;\u00e9quipe, le partage, le respect de ses \u00e9quipiers et aussi celui du cheval.<\/p><p>C&rsquo;est prendre part au groupe qui sera le plus en accord avec ses d\u00e9sirs : l&rsquo;\u00e9quitation plaisir pour les uns, une \u00e9quitation plus ax\u00e9e sur la comp\u00e9tition sur les autres.<\/p>\t\t\t\t\t\t\t\t<\/div>\n\t\t\t\t<\/div>\n\t\t\t\t<div class=\"elementor-element elementor-element-7cc0621 elementor-widget elementor-widget-image\" data-id=\"7cc0621\" data-element_type=\"widget\" data-e-type=\"widget\" data-widget_type=\"image.default\">\n\t\t\t\t<div class=\"elementor-widget-container\">\n\t\t\t\t\t\t\t\t\t\t\t\t\t\t\t<img decoding=\"async\" width=\"150\" height=\"150\" src=\"https:\/\/centre-equestre-palis.fr\/wp-content\/uploads\/2023\/07\/Design-sans-titre-22-150x150.png\" class=\"attachment-thumbnail size-thumbnail wp-image-2371\" alt=\"\" srcset=\"https:\/\/centre-equestre-palis.fr\/wp-content\/uploads\/2023\/07\/Design-sans-titre-22-150x150.png 150w, https:\/\/centre-equestre-palis.fr\/wp-content\/uploads\/2023\/07\/Design-sans-titre-22.png 300w\" sizes=\"(max-width: 150px) 100vw, 150px\" \/>\t\t\t\t\t\t\t\t\t\t\t\t\t\t\t<\/div>\n\t\t\t\t<\/div>\n\t\t\t\t<div class=\"elementor-element elementor-element-bd3a0e1 elementor-widget elementor-widget-heading\" data-id=\"bd3a0e1\" data-element_type=\"widget\" data-e-type=\"widget\" data-widget_type=\"heading.default\">\n\t\t\t\t<div class=\"elementor-widget-container\">\n\t\t\t\t\t<h3 class=\"elementor-heading-title elementor-size-default\">Cours collectif \u00e0 th\u00e8me<\/h3>\t\t\t\t<\/div>\n\t\t\t\t<\/div>\n\t\t\t\t<div class=\"elementor-element elementor-element-b6c64ea elementor-widget elementor-widget-text-editor\" data-id=\"b6c64ea\" data-element_type=\"widget\" data-e-type=\"widget\" data-widget_type=\"text-editor.default\">\n\t\t\t\t<div class=\"elementor-widget-container\">\n\t\t\t\t\t\t\t\t\t<p>Equifun, pleine nature, cours complet, obstacles&#8230;<\/p>\t\t\t\t\t\t\t\t<\/div>\n\t\t\t\t<\/div>\n\t\t\t\t<div class=\"elementor-element elementor-element-c4bf8df elementor-widget elementor-widget-image\" data-id=\"c4bf8df\" data-element_type=\"widget\" data-e-type=\"widget\" data-widget_type=\"image.default\">\n\t\t\t\t<div class=\"elementor-widget-container\">\n\t\t\t\t\t\t\t\t\t\t\t\t\t\t\t<img decoding=\"async\" width=\"150\" height=\"150\" src=\"https:\/\/centre-equestre-palis.fr\/wp-content\/uploads\/2023\/07\/Design-sans-titre-20-150x150.png\" class=\"attachment-thumbnail size-thumbnail wp-image-2369\" alt=\"\" srcset=\"https:\/\/centre-equestre-palis.fr\/wp-content\/uploads\/2023\/07\/Design-sans-titre-20-150x150.png 150w, https:\/\/centre-equestre-palis.fr\/wp-content\/uploads\/2023\/07\/Design-sans-titre-20.png 300w\" sizes=\"(max-width: 150px) 100vw, 150px\" \/>\t\t\t\t\t\t\t\t\t\t\t\t\t\t\t<\/div>\n\t\t\t\t<\/div>\n\t\t\t\t<div class=\"elementor-element elementor-element-53a92bf elementor-widget elementor-widget-heading\" data-id=\"53a92bf\" data-element_type=\"widget\" data-e-type=\"widget\" data-widget_type=\"heading.default\">\n\t\t\t\t<div class=\"elementor-widget-container\">\n\t\t\t\t\t<h3 class=\"elementor-heading-title elementor-size-default\">Cours particuliers<\/h3>\t\t\t\t<\/div>\n\t\t\t\t<\/div>\n\t\t\t\t<div class=\"elementor-element elementor-element-6a7c1c0 elementor-widget elementor-widget-text-editor\" data-id=\"6a7c1c0\" data-element_type=\"widget\" data-e-type=\"widget\" data-widget_type=\"text-editor.default\">\n\t\t\t\t<div class=\"elementor-widget-container\">\n\t\t\t\t\t\t\t\t\t<p>Ils permettent au cavalier d&rsquo;\u00eatre accompagn\u00e9 et coach\u00e9 de fa\u00e7on individualis\u00e9e et ainsi, progresser plus rapidement, travailler une difficult\u00e9 particuli\u00e8re, pr\u00e9parer une comp\u00e9tition&#8230;<\/p>\t\t\t\t\t\t\t\t<\/div>\n\t\t\t\t<\/div>\n\t\t\t\t<div class=\"elementor-element elementor-element-b105e01 elementor-widget elementor-widget-image\" data-id=\"b105e01\" data-element_type=\"widget\" data-e-type=\"widget\" data-widget_type=\"image.default\">\n\t\t\t\t<div class=\"elementor-widget-container\">\n\t\t\t\t\t\t\t\t\t\t\t\t\t\t\t<img decoding=\"async\" width=\"150\" height=\"150\" src=\"https:\/\/centre-equestre-palis.fr\/wp-content\/uploads\/2023\/07\/Design-sans-titre-21-150x150.png\" class=\"attachment-thumbnail size-thumbnail wp-image-2370\" alt=\"\" srcset=\"https:\/\/centre-equestre-palis.fr\/wp-content\/uploads\/2023\/07\/Design-sans-titre-21-150x150.png 150w, https:\/\/centre-equestre-palis.fr\/wp-content\/uploads\/2023\/07\/Design-sans-titre-21.png 300w\" sizes=\"(max-width: 150px) 100vw, 150px\" \/>\t\t\t\t\t\t\t\t\t\t\t\t\t\t\t<\/div>\n\t\t\t\t<\/div>\n\t\t\t\t<div class=\"elementor-element elementor-element-3dd945a elementor-widget elementor-widget-heading\" data-id=\"3dd945a\" data-element_type=\"widget\" data-e-type=\"widget\" data-widget_type=\"heading.default\">\n\t\t\t\t<div class=\"elementor-widget-container\">\n\t\t\t\t\t<h3 class=\"elementor-heading-title elementor-size-default\">Comp\u00e9tition<\/h3>\t\t\t\t<\/div>\n\t\t\t\t<\/div>\n\t\t\t\t<div class=\"elementor-element elementor-element-ef6a426 elementor-widget elementor-widget-text-editor\" data-id=\"ef6a426\" data-element_type=\"widget\" data-e-type=\"widget\" data-widget_type=\"text-editor.default\">\n\t\t\t\t<div class=\"elementor-widget-container\">\n\t\t\t\t\t\t\t\t\t<p>Organis\u00e9es r\u00e9guli\u00e8rement, elles permettent au cavalier de se mesurer aux autres, de monter \u00e0 cheval dans un autre environnement, de rencontrer d&rsquo;autres cavaliers.<\/p><p>En tant qu&rsquo;\u00e9quipe sportive, sortir en comp\u00e9tition, c&rsquo;est se soutenir les uns les autres, r\u00e9conforter et encourager celui qui \u00e9choue, f\u00e9liciter celui qui gagne !<\/p><p>C&rsquo;est pr\u00e9parer les sorties, le camion, les affaires, le foin, tout le mat\u00e9riel&#8230;<\/p><p>C&rsquo;est se retrouver au petit matin, souvent tr\u00e8s tr\u00e8s t\u00f4t pour arriver \u00e0 l&rsquo;heure pour la reco !!<\/p><p>C&rsquo;est passer la journ\u00e9e ensemble, c&rsquo;est se qualifier (souvent !!), marquer des points (toujours !!)<\/p><p>C&rsquo;est pouvoir \u00eatre fier du travail que l&rsquo;on a fourni !<\/p>\t\t\t\t\t\t\t\t<\/div>\n\t\t\t\t<\/div>\n\t\t\t\t\t<\/div>\n\t\t\t\t<\/div>\n\t\t<div class=\"elementor-element elementor-element-015f78c e-grid elementor-hidden-desktop elementor-hidden-mobile e-con-boxed e-con e-parent\" data-id=\"015f78c\" data-element_type=\"container\" data-e-type=\"container\">\n\t\t\t\t\t<div class=\"e-con-inner\">\n\t\t\t\t<div class=\"elementor-element elementor-element-7c7476c elementor-widget elementor-widget-image\" data-id=\"7c7476c\" data-element_type=\"widget\" data-e-type=\"widget\" data-widget_type=\"image.default\">\n\t\t\t\t<div class=\"elementor-widget-container\">\n\t\t\t\t\t\t\t\t\t\t\t\t\t\t\t<img decoding=\"async\" width=\"150\" height=\"150\" src=\"https:\/\/centre-equestre-palis.fr\/wp-content\/uploads\/2023\/07\/Design-sans-titre-20-150x150.png\" class=\"attachment-thumbnail size-thumbnail wp-image-2369\" alt=\"\" srcset=\"https:\/\/centre-equestre-palis.fr\/wp-content\/uploads\/2023\/07\/Design-sans-titre-20-150x150.png 150w, https:\/\/centre-equestre-palis.fr\/wp-content\/uploads\/2023\/07\/Design-sans-titre-20.png 300w\" sizes=\"(max-width: 150px) 100vw, 150px\" \/>\t\t\t\t\t\t\t\t\t\t\t\t\t\t\t<\/div>\n\t\t\t\t<\/div>\n\t\t\t\t<div class=\"elementor-element elementor-element-ad9bd7a elementor-widget elementor-widget-heading\" data-id=\"ad9bd7a\" data-element_type=\"widget\" data-e-type=\"widget\" data-widget_type=\"heading.default\">\n\t\t\t\t<div class=\"elementor-widget-container\">\n\t\t\t\t\t<h3 class=\"elementor-heading-title elementor-size-default\">Baby-poney<\/h3>\t\t\t\t<\/div>\n\t\t\t\t<\/div>\n\t\t\t\t<div class=\"elementor-element elementor-element-7509314 elementor-widget elementor-widget-text-editor\" data-id=\"7509314\" data-element_type=\"widget\" data-e-type=\"widget\" data-widget_type=\"text-editor.default\">\n\t\t\t\t<div class=\"elementor-widget-container\">\n\t\t\t\t\t\t\t\t\t<p>A partir de 4 ans : ils permettent \u00e0 l&rsquo;enfant de d\u00e9couvrir l&rsquo;environnement \u00e9questre, le cheval et l&rsquo;\u00e9quitation de fa\u00e7on ludique.<\/p>\t\t\t\t\t\t\t\t<\/div>\n\t\t\t\t<\/div>\n\t\t\t\t<div class=\"elementor-element elementor-element-edc41c6 elementor-widget elementor-widget-image\" data-id=\"edc41c6\" data-element_type=\"widget\" data-e-type=\"widget\" data-widget_type=\"image.default\">\n\t\t\t\t<div class=\"elementor-widget-container\">\n\t\t\t\t\t\t\t\t\t\t\t\t\t\t\t<img decoding=\"async\" width=\"150\" height=\"150\" src=\"https:\/\/centre-equestre-palis.fr\/wp-content\/uploads\/2023\/07\/Design-sans-titre-21-150x150.png\" class=\"attachment-thumbnail size-thumbnail wp-image-2370\" alt=\"\" srcset=\"https:\/\/centre-equestre-palis.fr\/wp-content\/uploads\/2023\/07\/Design-sans-titre-21-150x150.png 150w, https:\/\/centre-equestre-palis.fr\/wp-content\/uploads\/2023\/07\/Design-sans-titre-21.png 300w\" sizes=\"(max-width: 150px) 100vw, 150px\" \/>\t\t\t\t\t\t\t\t\t\t\t\t\t\t\t<\/div>\n\t\t\t\t<\/div>\n\t\t\t\t<div class=\"elementor-element elementor-element-2162137 elementor-widget elementor-widget-heading\" data-id=\"2162137\" data-element_type=\"widget\" data-e-type=\"widget\" data-widget_type=\"heading.default\">\n\t\t\t\t<div class=\"elementor-widget-container\">\n\t\t\t\t\t<h3 class=\"elementor-heading-title elementor-size-default\">Cours collectif<\/h3>\t\t\t\t<\/div>\n\t\t\t\t<\/div>\n\t\t\t\t<div class=\"elementor-element elementor-element-64dd1f5 elementor-widget elementor-widget-text-editor\" data-id=\"64dd1f5\" data-element_type=\"widget\" data-e-type=\"widget\" data-widget_type=\"text-editor.default\">\n\t\t\t\t<div class=\"elementor-widget-container\">\n\t\t\t\t\t\t\t\t\t<p>C&rsquo;est l&rsquo;apprentissage et le perfectionnement dans toutes les disciplines \u00e9questres et dans leur globalit\u00e9. C&rsquo;est apprendre l&rsquo;esprit d&rsquo;\u00e9quipe, le partage, le respect de ses \u00e9quipiers et aussi celui du cheval.<\/p><p>C&rsquo;est prendre part au groupe qui sera le plus en accord avec ses d\u00e9sirs : l&rsquo;\u00e9quitation plaisir pour les uns, une \u00e9quitation plus ax\u00e9e sur la comp\u00e9tition sur les autres.<\/p>\t\t\t\t\t\t\t\t<\/div>\n\t\t\t\t<\/div>\n\t\t\t\t<div class=\"elementor-element elementor-element-6cf8b05 elementor-widget elementor-widget-image\" data-id=\"6cf8b05\" data-element_type=\"widget\" data-e-type=\"widget\" data-widget_type=\"image.default\">\n\t\t\t\t<div class=\"elementor-widget-container\">\n\t\t\t\t\t\t\t\t\t\t\t\t\t\t\t<img decoding=\"async\" width=\"150\" height=\"150\" src=\"https:\/\/centre-equestre-palis.fr\/wp-content\/uploads\/2023\/07\/Design-sans-titre-22-150x150.png\" class=\"attachment-thumbnail size-thumbnail wp-image-2371\" alt=\"\" srcset=\"https:\/\/centre-equestre-palis.fr\/wp-content\/uploads\/2023\/07\/Design-sans-titre-22-150x150.png 150w, https:\/\/centre-equestre-palis.fr\/wp-content\/uploads\/2023\/07\/Design-sans-titre-22.png 300w\" sizes=\"(max-width: 150px) 100vw, 150px\" \/>\t\t\t\t\t\t\t\t\t\t\t\t\t\t\t<\/div>\n\t\t\t\t<\/div>\n\t\t\t\t<div class=\"elementor-element elementor-element-a87c574 elementor-widget elementor-widget-heading\" data-id=\"a87c574\" data-element_type=\"widget\" data-e-type=\"widget\" data-widget_type=\"heading.default\">\n\t\t\t\t<div class=\"elementor-widget-container\">\n\t\t\t\t\t<h3 class=\"elementor-heading-title elementor-size-default\">Cours collectif \u00e0 th\u00e8me<\/h3>\t\t\t\t<\/div>\n\t\t\t\t<\/div>\n\t\t\t\t<div class=\"elementor-element elementor-element-3fc1f3f elementor-widget elementor-widget-text-editor\" data-id=\"3fc1f3f\" data-element_type=\"widget\" data-e-type=\"widget\" data-widget_type=\"text-editor.default\">\n\t\t\t\t<div class=\"elementor-widget-container\">\n\t\t\t\t\t\t\t\t\t<p>Equifun, pleine nature, cours complet, obstacles&#8230;<\/p>\t\t\t\t\t\t\t\t<\/div>\n\t\t\t\t<\/div>\n\t\t\t\t<div class=\"elementor-element elementor-element-9f74421 elementor-widget elementor-widget-image\" data-id=\"9f74421\" data-element_type=\"widget\" data-e-type=\"widget\" data-widget_type=\"image.default\">\n\t\t\t\t<div class=\"elementor-widget-container\">\n\t\t\t\t\t\t\t\t\t\t\t\t\t\t\t<img decoding=\"async\" width=\"150\" height=\"150\" src=\"https:\/\/centre-equestre-palis.fr\/wp-content\/uploads\/2023\/07\/Design-sans-titre-20-150x150.png\" class=\"attachment-thumbnail size-thumbnail wp-image-2369\" alt=\"\" srcset=\"https:\/\/centre-equestre-palis.fr\/wp-content\/uploads\/2023\/07\/Design-sans-titre-20-150x150.png 150w, https:\/\/centre-equestre-palis.fr\/wp-content\/uploads\/2023\/07\/Design-sans-titre-20.png 300w\" sizes=\"(max-width: 150px) 100vw, 150px\" \/>\t\t\t\t\t\t\t\t\t\t\t\t\t\t\t<\/div>\n\t\t\t\t<\/div>\n\t\t\t\t<div class=\"elementor-element elementor-element-f71894a elementor-widget elementor-widget-heading\" data-id=\"f71894a\" data-element_type=\"widget\" data-e-type=\"widget\" data-widget_type=\"heading.default\">\n\t\t\t\t<div class=\"elementor-widget-container\">\n\t\t\t\t\t<h3 class=\"elementor-heading-title elementor-size-default\">Cours particuliers<\/h3>\t\t\t\t<\/div>\n\t\t\t\t<\/div>\n\t\t\t\t<div class=\"elementor-element elementor-element-f61e453 elementor-widget elementor-widget-text-editor\" data-id=\"f61e453\" data-element_type=\"widget\" data-e-type=\"widget\" data-widget_type=\"text-editor.default\">\n\t\t\t\t<div class=\"elementor-widget-container\">\n\t\t\t\t\t\t\t\t\t<p>Ils permettent au cavalier d&rsquo;\u00eatre accompagn\u00e9 et coach\u00e9 de fa\u00e7on individualis\u00e9e et ainsi, progresser plus rapidement, travailler une difficult\u00e9 particuli\u00e8re, pr\u00e9parer une comp\u00e9tition&#8230;<\/p>\t\t\t\t\t\t\t\t<\/div>\n\t\t\t\t<\/div>\n\t\t\t\t<div class=\"elementor-element elementor-element-300e006 elementor-widget elementor-widget-image\" data-id=\"300e006\" data-element_type=\"widget\" data-e-type=\"widget\" data-widget_type=\"image.default\">\n\t\t\t\t<div class=\"elementor-widget-container\">\n\t\t\t\t\t\t\t\t\t\t\t\t\t\t\t<img decoding=\"async\" width=\"150\" height=\"150\" src=\"https:\/\/centre-equestre-palis.fr\/wp-content\/uploads\/2023\/07\/Design-sans-titre-21-150x150.png\" class=\"attachment-thumbnail size-thumbnail wp-image-2370\" alt=\"\" srcset=\"https:\/\/centre-equestre-palis.fr\/wp-content\/uploads\/2023\/07\/Design-sans-titre-21-150x150.png 150w, https:\/\/centre-equestre-palis.fr\/wp-content\/uploads\/2023\/07\/Design-sans-titre-21.png 300w\" sizes=\"(max-width: 150px) 100vw, 150px\" \/>\t\t\t\t\t\t\t\t\t\t\t\t\t\t\t<\/div>\n\t\t\t\t<\/div>\n\t\t\t\t<div class=\"elementor-element elementor-element-d2a6462 elementor-widget elementor-widget-heading\" data-id=\"d2a6462\" data-element_type=\"widget\" data-e-type=\"widget\" data-widget_type=\"heading.default\">\n\t\t\t\t<div class=\"elementor-widget-container\">\n\t\t\t\t\t<h3 class=\"elementor-heading-title elementor-size-default\">Comp\u00e9tition<\/h3>\t\t\t\t<\/div>\n\t\t\t\t<\/div>\n\t\t\t\t<div class=\"elementor-element elementor-element-f251442 elementor-widget elementor-widget-text-editor\" data-id=\"f251442\" data-element_type=\"widget\" data-e-type=\"widget\" data-widget_type=\"text-editor.default\">\n\t\t\t\t<div class=\"elementor-widget-container\">\n\t\t\t\t\t\t\t\t\t<p>Organis\u00e9es r\u00e9guli\u00e8rement, elles permettent au cavalier de se mesurer aux autres, de monter \u00e0 cheval dans un autre environnement, de rencontrer d&rsquo;autres cavaliers.<\/p><p>En tant qu&rsquo;\u00e9quipe sportive, sortir en comp\u00e9tition, c&rsquo;est se soutenir les uns les autres, r\u00e9conforter et encourager celui qui \u00e9choue, f\u00e9liciter celui qui gagne !<\/p><p>C&rsquo;est pr\u00e9parer les sorties, le camion, les affaires, le foin, tout le mat\u00e9riel&#8230;<\/p><p>C&rsquo;est se retrouver au petit matin, souvent tr\u00e8s tr\u00e8s t\u00f4t pour arriver \u00e0 l&rsquo;heure pour la reco !!<\/p><p>C&rsquo;est passer la journ\u00e9e ensemble, c&rsquo;est se qualifier (souvent !!), marquer des points (toujours !!)<\/p><p>C&rsquo;est pouvoir \u00eatre fier du travail que l&rsquo;on a fourni !<\/p>\t\t\t\t\t\t\t\t<\/div>\n\t\t\t\t<\/div>\n\t\t\t\t\t<\/div>\n\t\t\t\t<\/div>\n\t\t\t\t<section class=\"elementor-section elementor-top-section elementor-element elementor-element-f824087 elementor-section-full_width elementor-section-stretched elementor-section-height-default elementor-section-height-default\" data-id=\"f824087\" data-element_type=\"section\" data-e-type=\"section\" data-settings=\"{&quot;stretch_section&quot;:&quot;section-stretched&quot;,&quot;background_background&quot;:&quot;classic&quot;}\">\n\t\t\t\t\t\t\t<div class=\"elementor-background-overlay\"><\/div>\n\t\t\t\t\t\t\t<div class=\"elementor-container elementor-column-gap-default\">\n\t\t\t\t\t<div class=\"elementor-column elementor-col-100 elementor-top-column elementor-element elementor-element-6153f24\" data-id=\"6153f24\" data-element_type=\"column\" data-e-type=\"column\">\n\t\t\t<div class=\"elementor-widget-wrap elementor-element-populated\">\n\t\t\t\t\t\t<div class=\"elementor-element elementor-element-087cfc6 elementor-invisible elementor-widget elementor-widget-heading\" data-id=\"087cfc6\" data-element_type=\"widget\" data-e-type=\"widget\" data-settings=\"{&quot;_animation&quot;:&quot;fadeInDown&quot;}\" data-widget_type=\"heading.default\">\n\t\t\t\t<div class=\"elementor-widget-container\">\n\t\t\t\t\t<h2 class=\"elementor-heading-title elementor-size-default\">Des stages et animations tout au long de l'ann\u00e9e !<\/h2>\t\t\t\t<\/div>\n\t\t\t\t<\/div>\n\t\t\t\t<div class=\"elementor-element elementor-element-8c916c2 elementor-widget elementor-widget-text-editor\" data-id=\"8c916c2\" data-element_type=\"widget\" data-e-type=\"widget\" data-widget_type=\"text-editor.default\">\n\t\t\t\t<div class=\"elementor-widget-container\">\n\t\t\t\t\t\t\t\t\t<p>En p\u00e9riode de vacances scolaires, trouvez le stage qui vous correspond ! En fonction de votre niveau et de vos envies : perfectionnement, travail d&rsquo;une discipline (CSO, dressage, cross), passage des galops, jeux (pony-games, aqua poney&#8230;), d\u00e9couverte de nouvelles disciplines (PTV, voltige, monte \u00e0 cru&#8230;).<\/p>\t\t\t\t\t\t\t\t<\/div>\n\t\t\t\t<\/div>\n\t\t\t\t<div class=\"elementor-element elementor-element-057890f elementor-widget elementor-widget-button\" data-id=\"057890f\" data-element_type=\"widget\" data-e-type=\"widget\" data-widget_type=\"button.default\">\n\t\t\t\t<div class=\"elementor-widget-container\">\n\t\t\t\t\t\t\t\t\t<div class=\"elementor-button-wrapper\">\n\t\t\t\t\t<a class=\"elementor-button elementor-button-link elementor-size-sm elementor-animation-shrink\" href=\"http:\/\/centre-equestre-palis.fr\/?page_id=569#planning\">\n\t\t\t\t\t\t<span class=\"elementor-button-content-wrapper\">\n\t\t\t\t\t\t\t\t\t<span class=\"elementor-button-text\">R\u00e9servez<\/span>\n\t\t\t\t\t<\/span>\n\t\t\t\t\t<\/a>\n\t\t\t\t<\/div>\n\t\t\t\t\t\t\t\t<\/div>\n\t\t\t\t<\/div>\n\t\t\t\t\t<\/div>\n\t\t<\/div>\n\t\t\t\t\t<\/div>\n\t\t<\/section>\n\t\t<div class=\"elementor-element elementor-element-0cc4294 e-grid elementor-hidden-tablet elementor-hidden-mobile e-con-boxed e-con e-parent\" data-id=\"0cc4294\" data-element_type=\"container\" data-e-type=\"container\">\n\t\t\t\t\t<div class=\"e-con-inner\">\n\t\t\t\t<div class=\"elementor-element elementor-element-d90da86 elementor-widget elementor-widget-image\" data-id=\"d90da86\" data-element_type=\"widget\" data-e-type=\"widget\" data-widget_type=\"image.default\">\n\t\t\t\t<div class=\"elementor-widget-container\">\n\t\t\t\t\t\t\t\t\t\t\t\t\t\t\t<img decoding=\"async\" width=\"150\" height=\"150\" src=\"https:\/\/centre-equestre-palis.fr\/wp-content\/uploads\/2023\/07\/Design-sans-titre-20-150x150.png\" class=\"attachment-thumbnail size-thumbnail wp-image-2369\" alt=\"\" srcset=\"https:\/\/centre-equestre-palis.fr\/wp-content\/uploads\/2023\/07\/Design-sans-titre-20-150x150.png 150w, https:\/\/centre-equestre-palis.fr\/wp-content\/uploads\/2023\/07\/Design-sans-titre-20.png 300w\" sizes=\"(max-width: 150px) 100vw, 150px\" \/>\t\t\t\t\t\t\t\t\t\t\t\t\t\t\t<\/div>\n\t\t\t\t<\/div>\n\t\t\t\t<div class=\"elementor-element elementor-element-59ac471 elementor-widget elementor-widget-image\" data-id=\"59ac471\" data-element_type=\"widget\" data-e-type=\"widget\" data-widget_type=\"image.default\">\n\t\t\t\t<div class=\"elementor-widget-container\">\n\t\t\t\t\t\t\t\t\t\t\t\t\t\t\t<img decoding=\"async\" width=\"150\" height=\"150\" src=\"https:\/\/centre-equestre-palis.fr\/wp-content\/uploads\/2023\/07\/Design-sans-titre-21-150x150.png\" class=\"attachment-thumbnail size-thumbnail wp-image-2370\" alt=\"\" srcset=\"https:\/\/centre-equestre-palis.fr\/wp-content\/uploads\/2023\/07\/Design-sans-titre-21-150x150.png 150w, https:\/\/centre-equestre-palis.fr\/wp-content\/uploads\/2023\/07\/Design-sans-titre-21.png 300w\" sizes=\"(max-width: 150px) 100vw, 150px\" \/>\t\t\t\t\t\t\t\t\t\t\t\t\t\t\t<\/div>\n\t\t\t\t<\/div>\n\t\t\t\t<div class=\"elementor-element elementor-element-f78fd0e elementor-widget elementor-widget-image\" data-id=\"f78fd0e\" data-element_type=\"widget\" data-e-type=\"widget\" data-widget_type=\"image.default\">\n\t\t\t\t<div class=\"elementor-widget-container\">\n\t\t\t\t\t\t\t\t\t\t\t\t\t\t\t<img decoding=\"async\" width=\"150\" height=\"150\" src=\"https:\/\/centre-equestre-palis.fr\/wp-content\/uploads\/2023\/07\/Design-sans-titre-22-150x150.png\" class=\"attachment-thumbnail size-thumbnail wp-image-2371\" alt=\"\" srcset=\"https:\/\/centre-equestre-palis.fr\/wp-content\/uploads\/2023\/07\/Design-sans-titre-22-150x150.png 150w, https:\/\/centre-equestre-palis.fr\/wp-content\/uploads\/2023\/07\/Design-sans-titre-22.png 300w\" sizes=\"(max-width: 150px) 100vw, 150px\" \/>\t\t\t\t\t\t\t\t\t\t\t\t\t\t\t<\/div>\n\t\t\t\t<\/div>\n\t\t\t\t<div class=\"elementor-element elementor-element-05715f5 elementor-widget elementor-widget-image\" data-id=\"05715f5\" data-element_type=\"widget\" data-e-type=\"widget\" data-widget_type=\"image.default\">\n\t\t\t\t<div class=\"elementor-widget-container\">\n\t\t\t\t\t\t\t\t\t\t\t\t\t\t\t<img decoding=\"async\" width=\"150\" height=\"150\" src=\"https:\/\/centre-equestre-palis.fr\/wp-content\/uploads\/2023\/07\/Design-sans-titre-20-150x150.png\" class=\"attachment-thumbnail size-thumbnail wp-image-2369\" alt=\"\" srcset=\"https:\/\/centre-equestre-palis.fr\/wp-content\/uploads\/2023\/07\/Design-sans-titre-20-150x150.png 150w, https:\/\/centre-equestre-palis.fr\/wp-content\/uploads\/2023\/07\/Design-sans-titre-20.png 300w\" sizes=\"(max-width: 150px) 100vw, 150px\" \/>\t\t\t\t\t\t\t\t\t\t\t\t\t\t\t<\/div>\n\t\t\t\t<\/div>\n\t\t\t\t<div class=\"elementor-element elementor-element-91d6ccc elementor-widget elementor-widget-image\" data-id=\"91d6ccc\" data-element_type=\"widget\" data-e-type=\"widget\" data-widget_type=\"image.default\">\n\t\t\t\t<div class=\"elementor-widget-container\">\n\t\t\t\t\t\t\t\t\t\t\t\t\t\t\t<img decoding=\"async\" width=\"150\" height=\"150\" src=\"https:\/\/centre-equestre-palis.fr\/wp-content\/uploads\/2023\/07\/Design-sans-titre-21-150x150.png\" class=\"attachment-thumbnail size-thumbnail wp-image-2370\" alt=\"\" srcset=\"https:\/\/centre-equestre-palis.fr\/wp-content\/uploads\/2023\/07\/Design-sans-titre-21-150x150.png 150w, https:\/\/centre-equestre-palis.fr\/wp-content\/uploads\/2023\/07\/Design-sans-titre-21.png 300w\" sizes=\"(max-width: 150px) 100vw, 150px\" \/>\t\t\t\t\t\t\t\t\t\t\t\t\t\t\t<\/div>\n\t\t\t\t<\/div>\n\t\t\t\t<div class=\"elementor-element elementor-element-3a218f2 elementor-widget elementor-widget-image\" data-id=\"3a218f2\" data-element_type=\"widget\" data-e-type=\"widget\" data-widget_type=\"image.default\">\n\t\t\t\t<div class=\"elementor-widget-container\">\n\t\t\t\t\t\t\t\t\t\t\t\t\t\t\t<img decoding=\"async\" width=\"150\" height=\"150\" src=\"https:\/\/centre-equestre-palis.fr\/wp-content\/uploads\/2023\/07\/Design-sans-titre-22-150x150.png\" class=\"attachment-thumbnail size-thumbnail wp-image-2371\" alt=\"\" srcset=\"https:\/\/centre-equestre-palis.fr\/wp-content\/uploads\/2023\/07\/Design-sans-titre-22-150x150.png 150w, https:\/\/centre-equestre-palis.fr\/wp-content\/uploads\/2023\/07\/Design-sans-titre-22.png 300w\" sizes=\"(max-width: 150px) 100vw, 150px\" \/>\t\t\t\t\t\t\t\t\t\t\t\t\t\t\t<\/div>\n\t\t\t\t<\/div>\n\t\t\t\t<div class=\"elementor-element elementor-element-07b1ce1 elementor-widget elementor-widget-text-editor\" data-id=\"07b1ce1\" data-element_type=\"widget\" data-e-type=\"widget\" data-widget_type=\"text-editor.default\">\n\t\t\t\t<div class=\"elementor-widget-container\">\n\t\t\t\t\t\t\t\t\t<p>Des animations organis\u00e9es lors des diverses f\u00eates : P\u00e2ques, Halloween, No\u00ebl, f\u00eate du club, f\u00eate du poney&#8230;<\/p>\t\t\t\t\t\t\t\t<\/div>\n\t\t\t\t<\/div>\n\t\t\t\t<div class=\"elementor-element elementor-element-affbf5a elementor-widget elementor-widget-text-editor\" data-id=\"affbf5a\" data-element_type=\"widget\" data-e-type=\"widget\" data-widget_type=\"text-editor.default\">\n\t\t\t\t<div class=\"elementor-widget-container\">\n\t\t\t\t\t\t\t\t\t<p>Des concours internes : CSO, dressage, derby (intra-club ou plus officiel inter-club) avec buvettes, vide-sellerie, tombolas&#8230;<\/p>\t\t\t\t\t\t\t\t<\/div>\n\t\t\t\t<\/div>\n\t\t\t\t<div class=\"elementor-element elementor-element-d765141 elementor-widget elementor-widget-text-editor\" data-id=\"d765141\" data-element_type=\"widget\" data-e-type=\"widget\" data-widget_type=\"text-editor.default\">\n\t\t\t\t<div class=\"elementor-widget-container\">\n\t\t\t\t\t\t\t\t\t<p>Des journ\u00e9es d&rsquo;animation : CSO d\u00e9guis\u00e9, jeux \u00e0 poney&#8230;<\/p>\t\t\t\t\t\t\t\t<\/div>\n\t\t\t\t<\/div>\n\t\t\t\t<div class=\"elementor-element elementor-element-210a3ce elementor-widget elementor-widget-text-editor\" data-id=\"210a3ce\" data-element_type=\"widget\" data-e-type=\"widget\" data-widget_type=\"text-editor.default\">\n\t\t\t\t<div class=\"elementor-widget-container\">\n\t\t\t\t\t\t\t\t\t<p>De nombreuses journ\u00e9es de stage d\u00e9couverte (hunter, cross, trec&#8230;)<\/p>\t\t\t\t\t\t\t\t<\/div>\n\t\t\t\t<\/div>\n\t\t\t\t<div class=\"elementor-element elementor-element-0a8426c elementor-widget elementor-widget-text-editor\" data-id=\"0a8426c\" data-element_type=\"widget\" data-e-type=\"widget\" data-widget_type=\"text-editor.default\">\n\t\t\t\t<div class=\"elementor-widget-container\">\n\t\t\t\t\t\t\t\t\t<p>Des camps d&rsquo;\u00e9t\u00e9 sur place et dans les Hautes-Alpes (Domaine \u00e9questre du Po\u00ebt)<\/p>\t\t\t\t\t\t\t\t<\/div>\n\t\t\t\t<\/div>\n\t\t\t\t<div class=\"elementor-element elementor-element-c0687f0 elementor-widget elementor-widget-text-editor\" data-id=\"c0687f0\" data-element_type=\"widget\" data-e-type=\"widget\" data-widget_type=\"text-editor.default\">\n\t\t\t\t<div class=\"elementor-widget-container\">\n\t\t\t\t\t\t\t\t\t<p>Des stages de dressage avec Franck David (athl\u00e8te de haut niveau, champion de Provence dressage, vice champion de France, participation aux championnat du monde&#8230;)<\/p>\t\t\t\t\t\t\t\t<\/div>\n\t\t\t\t<\/div>\n\t\t\t\t\t<\/div>\n\t\t\t\t<\/div>\n\t\t<div class=\"elementor-element elementor-element-223374b e-grid elementor-hidden-desktop elementor-hidden-tablet e-con-boxed e-con e-parent\" data-id=\"223374b\" data-element_type=\"container\" data-e-type=\"container\">\n\t\t\t\t\t<div class=\"e-con-inner\">\n\t\t\t\t<div class=\"elementor-element elementor-element-23c19ba elementor-widget elementor-widget-image\" data-id=\"23c19ba\" data-element_type=\"widget\" data-e-type=\"widget\" data-widget_type=\"image.default\">\n\t\t\t\t<div class=\"elementor-widget-container\">\n\t\t\t\t\t\t\t\t\t\t\t\t\t\t\t<img decoding=\"async\" width=\"150\" height=\"150\" src=\"https:\/\/centre-equestre-palis.fr\/wp-content\/uploads\/2023\/07\/Design-sans-titre-20-150x150.png\" class=\"attachment-thumbnail size-thumbnail wp-image-2369\" alt=\"\" srcset=\"https:\/\/centre-equestre-palis.fr\/wp-content\/uploads\/2023\/07\/Design-sans-titre-20-150x150.png 150w, https:\/\/centre-equestre-palis.fr\/wp-content\/uploads\/2023\/07\/Design-sans-titre-20.png 300w\" sizes=\"(max-width: 150px) 100vw, 150px\" \/>\t\t\t\t\t\t\t\t\t\t\t\t\t\t\t<\/div>\n\t\t\t\t<\/div>\n\t\t\t\t<div class=\"elementor-element elementor-element-d491bde elementor-widget elementor-widget-text-editor\" data-id=\"d491bde\" data-element_type=\"widget\" data-e-type=\"widget\" data-widget_type=\"text-editor.default\">\n\t\t\t\t<div class=\"elementor-widget-container\">\n\t\t\t\t\t\t\t\t\t<p>Des animations organis\u00e9es lors des diverses f\u00eates : P\u00e2ques, Halloween, No\u00ebl, f\u00eate du club, f\u00eate du poney&#8230;<\/p>\t\t\t\t\t\t\t\t<\/div>\n\t\t\t\t<\/div>\n\t\t\t\t<div class=\"elementor-element elementor-element-5ab0d0b elementor-widget elementor-widget-image\" data-id=\"5ab0d0b\" data-element_type=\"widget\" data-e-type=\"widget\" data-widget_type=\"image.default\">\n\t\t\t\t<div class=\"elementor-widget-container\">\n\t\t\t\t\t\t\t\t\t\t\t\t\t\t\t<img decoding=\"async\" width=\"150\" height=\"150\" src=\"https:\/\/centre-equestre-palis.fr\/wp-content\/uploads\/2023\/07\/Design-sans-titre-21-150x150.png\" class=\"attachment-thumbnail size-thumbnail wp-image-2370\" alt=\"\" srcset=\"https:\/\/centre-equestre-palis.fr\/wp-content\/uploads\/2023\/07\/Design-sans-titre-21-150x150.png 150w, https:\/\/centre-equestre-palis.fr\/wp-content\/uploads\/2023\/07\/Design-sans-titre-21.png 300w\" sizes=\"(max-width: 150px) 100vw, 150px\" \/>\t\t\t\t\t\t\t\t\t\t\t\t\t\t\t<\/div>\n\t\t\t\t<\/div>\n\t\t\t\t<div class=\"elementor-element elementor-element-c676713 elementor-widget elementor-widget-text-editor\" data-id=\"c676713\" data-element_type=\"widget\" data-e-type=\"widget\" data-widget_type=\"text-editor.default\">\n\t\t\t\t<div class=\"elementor-widget-container\">\n\t\t\t\t\t\t\t\t\t<p>Des concours internes : CSO, dressage, derby (intra-club ou plus officiel inter-club) avec buvettes, vide-sellerie, tombolas&#8230;<\/p>\t\t\t\t\t\t\t\t<\/div>\n\t\t\t\t<\/div>\n\t\t\t\t<div class=\"elementor-element elementor-element-e917752 elementor-widget elementor-widget-image\" data-id=\"e917752\" data-element_type=\"widget\" data-e-type=\"widget\" data-widget_type=\"image.default\">\n\t\t\t\t<div class=\"elementor-widget-container\">\n\t\t\t\t\t\t\t\t\t\t\t\t\t\t\t<img decoding=\"async\" width=\"150\" height=\"150\" src=\"https:\/\/centre-equestre-palis.fr\/wp-content\/uploads\/2023\/07\/Design-sans-titre-22-150x150.png\" class=\"attachment-thumbnail size-thumbnail wp-image-2371\" alt=\"\" srcset=\"https:\/\/centre-equestre-palis.fr\/wp-content\/uploads\/2023\/07\/Design-sans-titre-22-150x150.png 150w, https:\/\/centre-equestre-palis.fr\/wp-content\/uploads\/2023\/07\/Design-sans-titre-22.png 300w\" sizes=\"(max-width: 150px) 100vw, 150px\" \/>\t\t\t\t\t\t\t\t\t\t\t\t\t\t\t<\/div>\n\t\t\t\t<\/div>\n\t\t\t\t<div class=\"elementor-element elementor-element-2a86347 elementor-widget elementor-widget-text-editor\" data-id=\"2a86347\" data-element_type=\"widget\" data-e-type=\"widget\" data-widget_type=\"text-editor.default\">\n\t\t\t\t<div class=\"elementor-widget-container\">\n\t\t\t\t\t\t\t\t\t<p>Des journ\u00e9es d&rsquo;animation : CSO d\u00e9guis\u00e9, jeux \u00e0 poney&#8230;<\/p>\t\t\t\t\t\t\t\t<\/div>\n\t\t\t\t<\/div>\n\t\t\t\t<div class=\"elementor-element elementor-element-c68830e elementor-widget elementor-widget-image\" data-id=\"c68830e\" data-element_type=\"widget\" data-e-type=\"widget\" data-widget_type=\"image.default\">\n\t\t\t\t<div class=\"elementor-widget-container\">\n\t\t\t\t\t\t\t\t\t\t\t\t\t\t\t<img decoding=\"async\" width=\"150\" height=\"150\" src=\"https:\/\/centre-equestre-palis.fr\/wp-content\/uploads\/2023\/07\/Design-sans-titre-20-150x150.png\" class=\"attachment-thumbnail size-thumbnail wp-image-2369\" alt=\"\" srcset=\"https:\/\/centre-equestre-palis.fr\/wp-content\/uploads\/2023\/07\/Design-sans-titre-20-150x150.png 150w, https:\/\/centre-equestre-palis.fr\/wp-content\/uploads\/2023\/07\/Design-sans-titre-20.png 300w\" sizes=\"(max-width: 150px) 100vw, 150px\" \/>\t\t\t\t\t\t\t\t\t\t\t\t\t\t\t<\/div>\n\t\t\t\t<\/div>\n\t\t\t\t<div class=\"elementor-element elementor-element-84c752d elementor-widget elementor-widget-text-editor\" data-id=\"84c752d\" data-element_type=\"widget\" data-e-type=\"widget\" data-widget_type=\"text-editor.default\">\n\t\t\t\t<div class=\"elementor-widget-container\">\n\t\t\t\t\t\t\t\t\t<p>De nombreuses journ\u00e9es de stage d\u00e9couverte (hunter, cross, trec&#8230;)<\/p>\t\t\t\t\t\t\t\t<\/div>\n\t\t\t\t<\/div>\n\t\t\t\t<div class=\"elementor-element elementor-element-ab47570 elementor-widget elementor-widget-image\" data-id=\"ab47570\" data-element_type=\"widget\" data-e-type=\"widget\" data-widget_type=\"image.default\">\n\t\t\t\t<div class=\"elementor-widget-container\">\n\t\t\t\t\t\t\t\t\t\t\t\t\t\t\t<img decoding=\"async\" width=\"150\" height=\"150\" src=\"https:\/\/centre-equestre-palis.fr\/wp-content\/uploads\/2023\/07\/Design-sans-titre-21-150x150.png\" class=\"attachment-thumbnail size-thumbnail wp-image-2370\" alt=\"\" srcset=\"https:\/\/centre-equestre-palis.fr\/wp-content\/uploads\/2023\/07\/Design-sans-titre-21-150x150.png 150w, https:\/\/centre-equestre-palis.fr\/wp-content\/uploads\/2023\/07\/Design-sans-titre-21.png 300w\" sizes=\"(max-width: 150px) 100vw, 150px\" \/>\t\t\t\t\t\t\t\t\t\t\t\t\t\t\t<\/div>\n\t\t\t\t<\/div>\n\t\t\t\t<div class=\"elementor-element elementor-element-704423b elementor-widget elementor-widget-text-editor\" data-id=\"704423b\" data-element_type=\"widget\" data-e-type=\"widget\" data-widget_type=\"text-editor.default\">\n\t\t\t\t<div class=\"elementor-widget-container\">\n\t\t\t\t\t\t\t\t\t<p>Des camps d&rsquo;\u00e9t\u00e9 sur place et dans les Hautes-Alpes (Domaine \u00e9questre du Po\u00ebt)<\/p>\t\t\t\t\t\t\t\t<\/div>\n\t\t\t\t<\/div>\n\t\t\t\t<div class=\"elementor-element elementor-element-8c8779c elementor-widget elementor-widget-image\" data-id=\"8c8779c\" data-element_type=\"widget\" data-e-type=\"widget\" data-widget_type=\"image.default\">\n\t\t\t\t<div class=\"elementor-widget-container\">\n\t\t\t\t\t\t\t\t\t\t\t\t\t\t\t<img decoding=\"async\" width=\"150\" height=\"150\" src=\"https:\/\/centre-equestre-palis.fr\/wp-content\/uploads\/2023\/07\/Design-sans-titre-22-150x150.png\" class=\"attachment-thumbnail size-thumbnail wp-image-2371\" alt=\"\" srcset=\"https:\/\/centre-equestre-palis.fr\/wp-content\/uploads\/2023\/07\/Design-sans-titre-22-150x150.png 150w, https:\/\/centre-equestre-palis.fr\/wp-content\/uploads\/2023\/07\/Design-sans-titre-22.png 300w\" sizes=\"(max-width: 150px) 100vw, 150px\" \/>\t\t\t\t\t\t\t\t\t\t\t\t\t\t\t<\/div>\n\t\t\t\t<\/div>\n\t\t\t\t<div class=\"elementor-element elementor-element-905870c elementor-widget elementor-widget-text-editor\" data-id=\"905870c\" data-element_type=\"widget\" data-e-type=\"widget\" data-widget_type=\"text-editor.default\">\n\t\t\t\t<div class=\"elementor-widget-container\">\n\t\t\t\t\t\t\t\t\t<p>Des stages de dressage avec Franck David (athl\u00e8te de haut niveau, champion de Provence dressage, vice champion de France, participation aux championnat du monde&#8230;)<\/p>\t\t\t\t\t\t\t\t<\/div>\n\t\t\t\t<\/div>\n\t\t\t\t\t<\/div>\n\t\t\t\t<\/div>\n\t\t<div class=\"elementor-element elementor-element-9ff6a1e e-grid elementor-hidden-desktop elementor-hidden-mobile e-con-boxed e-con e-parent\" data-id=\"9ff6a1e\" data-element_type=\"container\" data-e-type=\"container\">\n\t\t\t\t\t<div class=\"e-con-inner\">\n\t\t\t\t<div class=\"elementor-element elementor-element-5a981d0 elementor-widget elementor-widget-image\" data-id=\"5a981d0\" data-element_type=\"widget\" data-e-type=\"widget\" data-widget_type=\"image.default\">\n\t\t\t\t<div class=\"elementor-widget-container\">\n\t\t\t\t\t\t\t\t\t\t\t\t\t\t\t<img decoding=\"async\" width=\"150\" height=\"150\" src=\"https:\/\/centre-equestre-palis.fr\/wp-content\/uploads\/2023\/07\/Design-sans-titre-20-150x150.png\" class=\"attachment-thumbnail size-thumbnail wp-image-2369\" alt=\"\" srcset=\"https:\/\/centre-equestre-palis.fr\/wp-content\/uploads\/2023\/07\/Design-sans-titre-20-150x150.png 150w, https:\/\/centre-equestre-palis.fr\/wp-content\/uploads\/2023\/07\/Design-sans-titre-20.png 300w\" sizes=\"(max-width: 150px) 100vw, 150px\" \/>\t\t\t\t\t\t\t\t\t\t\t\t\t\t\t<\/div>\n\t\t\t\t<\/div>\n\t\t\t\t<div class=\"elementor-element elementor-element-3e4aa9f elementor-widget elementor-widget-text-editor\" data-id=\"3e4aa9f\" data-element_type=\"widget\" data-e-type=\"widget\" data-widget_type=\"text-editor.default\">\n\t\t\t\t<div class=\"elementor-widget-container\">\n\t\t\t\t\t\t\t\t\t<p>Des animations organis\u00e9es lors des diverses f\u00eates : P\u00e2ques, Halloween, No\u00ebl, f\u00eate du club, f\u00eate du poney&#8230;<\/p>\t\t\t\t\t\t\t\t<\/div>\n\t\t\t\t<\/div>\n\t\t\t\t<div class=\"elementor-element elementor-element-7399be2 elementor-widget elementor-widget-image\" data-id=\"7399be2\" data-element_type=\"widget\" data-e-type=\"widget\" data-widget_type=\"image.default\">\n\t\t\t\t<div class=\"elementor-widget-container\">\n\t\t\t\t\t\t\t\t\t\t\t\t\t\t\t<img decoding=\"async\" width=\"150\" height=\"150\" src=\"https:\/\/centre-equestre-palis.fr\/wp-content\/uploads\/2023\/07\/Design-sans-titre-21-150x150.png\" class=\"attachment-thumbnail size-thumbnail wp-image-2370\" alt=\"\" srcset=\"https:\/\/centre-equestre-palis.fr\/wp-content\/uploads\/2023\/07\/Design-sans-titre-21-150x150.png 150w, https:\/\/centre-equestre-palis.fr\/wp-content\/uploads\/2023\/07\/Design-sans-titre-21.png 300w\" sizes=\"(max-width: 150px) 100vw, 150px\" \/>\t\t\t\t\t\t\t\t\t\t\t\t\t\t\t<\/div>\n\t\t\t\t<\/div>\n\t\t\t\t<div class=\"elementor-element elementor-element-0dea828 elementor-widget elementor-widget-text-editor\" data-id=\"0dea828\" data-element_type=\"widget\" data-e-type=\"widget\" data-widget_type=\"text-editor.default\">\n\t\t\t\t<div class=\"elementor-widget-container\">\n\t\t\t\t\t\t\t\t\t<p>Des concours internes : CSO, dressage, derby (intra-club ou plus officiel inter-club) avec buvettes, vide-sellerie, tombolas&#8230;<\/p>\t\t\t\t\t\t\t\t<\/div>\n\t\t\t\t<\/div>\n\t\t\t\t<div class=\"elementor-element elementor-element-934e3dd elementor-widget elementor-widget-image\" data-id=\"934e3dd\" data-element_type=\"widget\" data-e-type=\"widget\" data-widget_type=\"image.default\">\n\t\t\t\t<div class=\"elementor-widget-container\">\n\t\t\t\t\t\t\t\t\t\t\t\t\t\t\t<img decoding=\"async\" width=\"150\" height=\"150\" src=\"https:\/\/centre-equestre-palis.fr\/wp-content\/uploads\/2023\/07\/Design-sans-titre-22-150x150.png\" class=\"attachment-thumbnail size-thumbnail wp-image-2371\" alt=\"\" srcset=\"https:\/\/centre-equestre-palis.fr\/wp-content\/uploads\/2023\/07\/Design-sans-titre-22-150x150.png 150w, https:\/\/centre-equestre-palis.fr\/wp-content\/uploads\/2023\/07\/Design-sans-titre-22.png 300w\" sizes=\"(max-width: 150px) 100vw, 150px\" \/>\t\t\t\t\t\t\t\t\t\t\t\t\t\t\t<\/div>\n\t\t\t\t<\/div>\n\t\t\t\t<div class=\"elementor-element elementor-element-30d9f15 elementor-widget elementor-widget-text-editor\" data-id=\"30d9f15\" data-element_type=\"widget\" data-e-type=\"widget\" data-widget_type=\"text-editor.default\">\n\t\t\t\t<div class=\"elementor-widget-container\">\n\t\t\t\t\t\t\t\t\t<p>Des journ\u00e9es d&rsquo;animation : CSO d\u00e9guis\u00e9, jeux \u00e0 poney&#8230;<\/p>\t\t\t\t\t\t\t\t<\/div>\n\t\t\t\t<\/div>\n\t\t\t\t<div class=\"elementor-element elementor-element-a6ee4c0 elementor-widget elementor-widget-image\" data-id=\"a6ee4c0\" data-element_type=\"widget\" data-e-type=\"widget\" data-widget_type=\"image.default\">\n\t\t\t\t<div class=\"elementor-widget-container\">\n\t\t\t\t\t\t\t\t\t\t\t\t\t\t\t<img decoding=\"async\" width=\"150\" height=\"150\" src=\"https:\/\/centre-equestre-palis.fr\/wp-content\/uploads\/2023\/07\/Design-sans-titre-20-150x150.png\" class=\"attachment-thumbnail size-thumbnail wp-image-2369\" alt=\"\" srcset=\"https:\/\/centre-equestre-palis.fr\/wp-content\/uploads\/2023\/07\/Design-sans-titre-20-150x150.png 150w, https:\/\/centre-equestre-palis.fr\/wp-content\/uploads\/2023\/07\/Design-sans-titre-20.png 300w\" sizes=\"(max-width: 150px) 100vw, 150px\" \/>\t\t\t\t\t\t\t\t\t\t\t\t\t\t\t<\/div>\n\t\t\t\t<\/div>\n\t\t\t\t<div class=\"elementor-element elementor-element-f075b6c elementor-widget elementor-widget-text-editor\" data-id=\"f075b6c\" data-element_type=\"widget\" data-e-type=\"widget\" data-widget_type=\"text-editor.default\">\n\t\t\t\t<div class=\"elementor-widget-container\">\n\t\t\t\t\t\t\t\t\t<p>De nombreuses journ\u00e9es de stage d\u00e9couverte (hunter, cross, trec&#8230;)<\/p>\t\t\t\t\t\t\t\t<\/div>\n\t\t\t\t<\/div>\n\t\t\t\t<div class=\"elementor-element elementor-element-e0631b6 elementor-widget elementor-widget-image\" data-id=\"e0631b6\" data-element_type=\"widget\" data-e-type=\"widget\" data-widget_type=\"image.default\">\n\t\t\t\t<div class=\"elementor-widget-container\">\n\t\t\t\t\t\t\t\t\t\t\t\t\t\t\t<img decoding=\"async\" width=\"150\" height=\"150\" src=\"https:\/\/centre-equestre-palis.fr\/wp-content\/uploads\/2023\/07\/Design-sans-titre-21-150x150.png\" class=\"attachment-thumbnail size-thumbnail wp-image-2370\" alt=\"\" srcset=\"https:\/\/centre-equestre-palis.fr\/wp-content\/uploads\/2023\/07\/Design-sans-titre-21-150x150.png 150w, https:\/\/centre-equestre-palis.fr\/wp-content\/uploads\/2023\/07\/Design-sans-titre-21.png 300w\" sizes=\"(max-width: 150px) 100vw, 150px\" \/>\t\t\t\t\t\t\t\t\t\t\t\t\t\t\t<\/div>\n\t\t\t\t<\/div>\n\t\t\t\t<div class=\"elementor-element elementor-element-116a280 elementor-widget elementor-widget-text-editor\" data-id=\"116a280\" data-element_type=\"widget\" data-e-type=\"widget\" data-widget_type=\"text-editor.default\">\n\t\t\t\t<div class=\"elementor-widget-container\">\n\t\t\t\t\t\t\t\t\t<p>Des camps d&rsquo;\u00e9t\u00e9 sur place et dans les Hautes-Alpes (Domaine \u00e9questre du Po\u00ebt)<\/p>\t\t\t\t\t\t\t\t<\/div>\n\t\t\t\t<\/div>\n\t\t\t\t<div class=\"elementor-element elementor-element-dd79f25 elementor-widget elementor-widget-image\" data-id=\"dd79f25\" data-element_type=\"widget\" data-e-type=\"widget\" data-widget_type=\"image.default\">\n\t\t\t\t<div class=\"elementor-widget-container\">\n\t\t\t\t\t\t\t\t\t\t\t\t\t\t\t<img decoding=\"async\" width=\"150\" height=\"150\" src=\"https:\/\/centre-equestre-palis.fr\/wp-content\/uploads\/2023\/07\/Design-sans-titre-22-150x150.png\" class=\"attachment-thumbnail size-thumbnail wp-image-2371\" alt=\"\" srcset=\"https:\/\/centre-equestre-palis.fr\/wp-content\/uploads\/2023\/07\/Design-sans-titre-22-150x150.png 150w, https:\/\/centre-equestre-palis.fr\/wp-content\/uploads\/2023\/07\/Design-sans-titre-22.png 300w\" sizes=\"(max-width: 150px) 100vw, 150px\" \/>\t\t\t\t\t\t\t\t\t\t\t\t\t\t\t<\/div>\n\t\t\t\t<\/div>\n\t\t\t\t<div class=\"elementor-element elementor-element-5b3d2f2 elementor-widget elementor-widget-text-editor\" data-id=\"5b3d2f2\" data-element_type=\"widget\" data-e-type=\"widget\" data-widget_type=\"text-editor.default\">\n\t\t\t\t<div class=\"elementor-widget-container\">\n\t\t\t\t\t\t\t\t\t<p>Des stages de dressage avec Franck David (athl\u00e8te de haut niveau, champion de Provence dressage, vice champion de France, participation aux championnat du monde&#8230;)<\/p>\t\t\t\t\t\t\t\t<\/div>\n\t\t\t\t<\/div>\n\t\t\t\t\t<\/div>\n\t\t\t\t<\/div>\n\t\t<div class=\"elementor-element elementor-element-2483b7c e-flex e-con-boxed e-con e-parent\" data-id=\"2483b7c\" data-element_type=\"container\" data-e-type=\"container\" data-settings=\"{&quot;background_background&quot;:&quot;classic&quot;}\">\n\t\t\t\t\t<div class=\"e-con-inner\">\n\t\t\t\t<div class=\"elementor-element elementor-element-66b3b3c elementor-widget elementor-widget-heading\" data-id=\"66b3b3c\" data-element_type=\"widget\" data-e-type=\"widget\" data-widget_type=\"heading.default\">\n\t\t\t\t<div class=\"elementor-widget-container\">\n\t\t\t\t\t<h2 class=\"elementor-heading-title elementor-size-default\">Anniversaire \u00e0 poney<\/h2>\t\t\t\t<\/div>\n\t\t\t\t<\/div>\n\t\t\t\t\t<\/div>\n\t\t\t\t<\/div>\n\t\t<div class=\"elementor-element elementor-element-eeb8f37 e-grid e-con-boxed e-con e-parent\" data-id=\"eeb8f37\" data-element_type=\"container\" data-e-type=\"container\">\n\t\t\t\t\t<div class=\"e-con-inner\">\n\t\t\t\t<div class=\"elementor-element elementor-element-6b07689 elementor-widget__width-inherit elementor-widget elementor-widget-image\" data-id=\"6b07689\" data-element_type=\"widget\" data-e-type=\"widget\" data-widget_type=\"image.default\">\n\t\t\t\t<div class=\"elementor-widget-container\">\n\t\t\t\t\t\t\t\t\t\t\t\t\t\t\t<img loading=\"lazy\" decoding=\"async\" width=\"907\" height=\"1210\" src=\"https:\/\/centre-equestre-palis.fr\/wp-content\/uploads\/2023\/07\/anniversaire-poneys.webp\" class=\"elementor-animation-hang attachment-full size-full wp-image-2321\" alt=\"\" srcset=\"https:\/\/centre-equestre-palis.fr\/wp-content\/uploads\/2023\/07\/anniversaire-poneys.webp 907w, https:\/\/centre-equestre-palis.fr\/wp-content\/uploads\/2023\/07\/anniversaire-poneys-225x300.webp 225w, https:\/\/centre-equestre-palis.fr\/wp-content\/uploads\/2023\/07\/anniversaire-poneys-768x1025.webp 768w\" sizes=\"(max-width: 907px) 100vw, 907px\" \/>\t\t\t\t\t\t\t\t\t\t\t\t\t\t\t<\/div>\n\t\t\t\t<\/div>\n\t\t\t\t<div class=\"elementor-element elementor-element-5a986bd elementor-widget elementor-widget-text-editor\" data-id=\"5a986bd\" data-element_type=\"widget\" data-e-type=\"widget\" data-widget_type=\"text-editor.default\">\n\t\t\t\t<div class=\"elementor-widget-container\">\n\t\t\t\t\t\t\t\t\t<p><span style=\"font-weight: 400;\"><span style=\"text-decoration: underline;\"><strong>L&rsquo;anniversaire \u00e0 poney consiste en une s\u00e9ance de jeux \u00e0 poney avec un moniteur :<\/strong> <\/span><\/span><\/p><p><span style=\"font-weight: 400;\">=&gt; 8 \u00e0 10 poneys maximum pour 1 heure, avec en plus :<\/span><\/p><p><span style=\"font-weight: 400;\">\u00a0<\/span><span style=\"font-weight: 400;\">* Remise de dipl\u00f4mes pour chaque enfant<\/span><\/p><p><span style=\"font-weight: 400;\">* Une salle d\u00e9cor\u00e9e rien que pour toi et et tes ami(e)s (salle chauff\u00e9e)<\/span><\/p><p><span style=\"font-weight: 400;\">* Un cadeau pour l&rsquo;enfant qui f\u00eate son anniversaire<\/span><\/p><p><span style=\"font-weight: 400;\">* Les cartons d\u2019invitations \u00e0 envoyer aux copains<\/span><\/p><p>\u00a0<\/p><p><span style=\"font-weight: 400;\"><span style=\"text-decoration: underline;\"><strong>QUAND ?<\/strong><\/span><br \/>Le samedi de 16h a 18h30 (s\u00e9ance de poney de 16h a 17h30) ou le dimanche 14h \u00e0 16h30 (s\u00e9ance de poney de 14h \u00e0 15h30)<\/span><\/p><p>\u00a0<\/p><p><span style=\"text-decoration: underline;\"><strong>D\u00e9roul\u00e9 de l&rsquo;anniversaire :\u00a0<\/strong><\/span><\/p><p><span style=\"font-weight: 400;\">Les enfants sont pris en charge \u00e0 poney, de 14h \u00e0 15h30 ou 16h \u00e0 17h30. <br \/>Au programme : jeux \u00e0 poney et \u00e0 pied, d\u00e9couvertes, caresses, etc.\u00a0<\/span><\/p><p><span style=\"font-weight: 400;\">Il est conseill\u00e9 que quelques parents restent avec l\u2019animateur, surtout pour les jeunes enfants. Il est important d\u2019arriver \u00e0 l\u2019heure, car il n\u2019est pas possible de rattraper le temps perdu en cas de retard des enfants.<\/span><\/p><p><span style=\"font-weight: 400;\">Les enfants se dirigent ensuite dans la salle anniversaire d\u00e9di\u00e9e, o\u00f9 une table les attend. Vous pourrez alors servir g\u00e2teau, bonbons et boissons (amen\u00e9s par les parents). Les enfants doivent \u00eatre sous la responsabilit\u00e9 d\u2019un adulte.\u00a0<\/span><\/p><p><span style=\"font-weight: 400;\">Pr\u00e9voir 1 adulte pour 2 enfants en dessous de 5 ans, et 1 adulte pour 5 enfants \u00e0 partir de 6 ans. Vous pouvez aussi amener des jeux de soci\u00e9t\u00e9 ou pr\u00e9voir des activit\u00e9s calmes (pas de pinata, confettis, trompette, tambour&#8230;).<\/span><\/p><p><span style=\"font-weight: 400;\"><span style=\"text-decoration: underline;\"><strong>Tarifs :<\/strong><\/span><br \/>150\u20ac jusqu&rsquo;\u00e0 10 enfants (5\u20ac par enfant suppl\u00e9mentaire)\u00a0<\/span><\/p><p><span style=\"font-weight: 400;\"><span style=\"text-decoration: underline;\"><strong>R\u00e9servation:<\/strong><\/span><br \/>0669318998<br \/><\/span><span style=\"font-weight: 400;\">ou <\/span><span style=\"font-weight: 400;\">clairepellissier2000@gmail.com<\/span><\/p><p><span style=\"text-decoration: underline;\"><strong>Tenue conseill\u00e9e pour la s\u00e9ance \u00e0 poney :<\/strong><\/span><\/p><p><span style=\"font-weight: 400;\">* Des petites bottes de caoutchouc ou des baskets<\/span><\/p><p><span style=\"font-weight: 400;\">* Un pantalon (on \u00e9vite les robes et les shorts)<\/span><\/p><p><span style=\"font-weight: 400;\">* Les casques de protection sont pr\u00eat\u00e9s.<\/span><\/p><p><span style=\"font-weight: 400;\">* Les enfants peuvent \u00eatre d\u00e9guis\u00e9s.<\/span><\/p><p><span style=\"font-weight: 400;\"><strong>Toute r\u00e9servation est d\u00e9finitive. Aucun report. Paiement complet \u00e0 la r\u00e9servation<\/strong>.<\/span><\/p>\t\t\t\t\t\t\t\t<\/div>\n\t\t\t\t<\/div>\n\t\t\t\t\t<\/div>\n\t\t\t\t<\/div>\n\t\t\t\t<section class=\"elementor-section elementor-top-section elementor-element elementor-element-8c8e810 elementor-section-full_width elementor-section-stretched elementor-section-height-default elementor-section-height-default\" data-id=\"8c8e810\" data-element_type=\"section\" data-e-type=\"section\" data-settings=\"{&quot;stretch_section&quot;:&quot;section-stretched&quot;,&quot;background_background&quot;:&quot;classic&quot;}\">\n\t\t\t\t\t\t\t<div class=\"elementor-background-overlay\"><\/div>\n\t\t\t\t\t\t\t<div class=\"elementor-container elementor-column-gap-default\">\n\t\t\t\t\t<div class=\"elementor-column elementor-col-100 elementor-top-column elementor-element elementor-element-7d44bd2\" data-id=\"7d44bd2\" data-element_type=\"column\" data-e-type=\"column\">\n\t\t\t<div class=\"elementor-widget-wrap elementor-element-populated\">\n\t\t\t\t\t\t<section class=\"elementor-section elementor-inner-section elementor-element elementor-element-c51efc4 elementor-section-boxed elementor-section-height-default elementor-section-height-default\" data-id=\"c51efc4\" data-element_type=\"section\" data-e-type=\"section\">\n\t\t\t\t\t\t<div class=\"elementor-container elementor-column-gap-default\">\n\t\t\t\t\t<div class=\"elementor-column elementor-col-50 elementor-inner-column elementor-element elementor-element-8326b96\" data-id=\"8326b96\" data-element_type=\"column\" data-e-type=\"column\">\n\t\t\t<div class=\"elementor-widget-wrap elementor-element-populated\">\n\t\t\t\t\t\t<div class=\"elementor-element elementor-element-446dd43 elementor-invisible elementor-widget elementor-widget-heading\" data-id=\"446dd43\" data-element_type=\"widget\" data-e-type=\"widget\" data-settings=\"{&quot;_animation&quot;:&quot;fadeInUp&quot;}\" data-widget_type=\"heading.default\">\n\t\t\t\t<div class=\"elementor-widget-container\">\n\t\t\t\t\t<h2 class=\"elementor-heading-title elementor-size-default\">Des promenades et des balades pour tous<br><\/h2>\t\t\t\t<\/div>\n\t\t\t\t<\/div>\n\t\t\t\t\t<\/div>\n\t\t<\/div>\n\t\t\t\t<div class=\"elementor-column elementor-col-50 elementor-inner-column elementor-element elementor-element-58a4d99\" data-id=\"58a4d99\" data-element_type=\"column\" data-e-type=\"column\">\n\t\t\t<div class=\"elementor-widget-wrap elementor-element-populated\">\n\t\t\t\t\t\t<div class=\"elementor-element elementor-element-2fa770d elementor-widget elementor-widget-text-editor\" data-id=\"2fa770d\" data-element_type=\"widget\" data-e-type=\"widget\" data-widget_type=\"text-editor.default\">\n\t\t\t\t<div class=\"elementor-widget-container\">\n\t\t\t\t\t\t\t\t\t<p><span style=\"text-decoration: underline;\"><strong>Pour les Bout&rsquo;choux (\u00e0 partir de 2 ans) :<\/strong><\/span><\/p><p>La balade \u00ab\u00a0poney en main\u00a0\u00bb : un parcours fl\u00e9ch\u00e9, d&rsquo;environ 40 minutes, dans des paysages tr\u00e8s vari\u00e9s : alternance de vignobles, de sous-bois, de sentiers ombrag\u00e9s, sur du sable dor\u00e9&#8230; Une balade qui permet aux adultes \u00e0 pied et aux enfants \u00e0 poney de profiter d&rsquo;une agr\u00e9able parenth\u00e8se !<\/p><p><span style=\"text-decoration: underline;\"><strong>Les balades organis\u00e9es et accompagn\u00e9es (pour les plus grand \u00e0 partir de 7 ans) de 1h \u00e0 2h :<\/strong><\/span><\/p><p>Diurnes ou nocturnes, venez parcourir les vignes, les plaines sableuses, les for\u00eats ou la rivi\u00e8re&#8230; Avec dans les oreilles les chants des cigales et dans les yeux une nature enchanteresse.<\/p>\t\t\t\t\t\t\t\t<\/div>\n\t\t\t\t<\/div>\n\t\t\t\t<div class=\"elementor-element elementor-element-c8a5487 elementor-align-center elementor-widget elementor-widget-button\" data-id=\"c8a5487\" data-element_type=\"widget\" data-e-type=\"widget\" data-widget_type=\"button.default\">\n\t\t\t\t<div class=\"elementor-widget-container\">\n\t\t\t\t\t\t\t\t\t<div class=\"elementor-button-wrapper\">\n\t\t\t\t\t<a class=\"elementor-button elementor-button-link elementor-size-sm elementor-animation-shrink\" href=\"http:\/\/centre-equestre-palis.fr\/?page_id=569#rando\">\n\t\t\t\t\t\t<span class=\"elementor-button-content-wrapper\">\n\t\t\t\t\t\t\t\t\t<span class=\"elementor-button-text\">R\u00e9server<\/span>\n\t\t\t\t\t<\/span>\n\t\t\t\t\t<\/a>\n\t\t\t\t<\/div>\n\t\t\t\t\t\t\t\t<\/div>\n\t\t\t\t<\/div>\n\t\t\t\t\t<\/div>\n\t\t<\/div>\n\t\t\t\t\t<\/div>\n\t\t<\/section>\n\t\t\t\t\t<\/div>\n\t\t<\/div>\n\t\t\t\t\t<\/div>\n\t\t<\/section>\n\t\t\t\t<\/div>\n\t\t","protected":false},"excerpt":{"rendered":"<p>Des cours et des concours adapt\u00e9s \u00e0 votre niveau et \u00e0 votre \u00e2ge Des cours et des concoursadapt\u00e9s \u00e0 votre niveau et \u00e0 votre \u00e2ge En p\u00e9riode scolaire, petit ou grand, enfant ou adulte, d\u00e9butant ou confirm\u00e9 : du baby-poney \u00e0 la comp\u00e9tition, vous trouverez monture adapt\u00e9e ! R\u00e9server Baby-poney Cours collectif Cours collectif \u00e0 [&hellip;]<\/p>\n","protected":false},"author":3,"featured_media":0,"parent":0,"menu_order":0,"comment_status":"closed","ping_status":"closed","template":"elementor_header_footer","meta":{"_monsterinsights_skip_tracking":false,"_monsterinsights_sitenote_active":false,"_monsterinsights_sitenote_note":"","_monsterinsights_sitenote_category":0,"footnotes":""},"class_list":["post-413","page","type-page","status-publish","hentry"],"aioseo_notices":[],"_links":{"self":[{"href":"https:\/\/centre-equestre-palis.fr\/index.php?rest_route=\/wp\/v2\/pages\/413","targetHints":{"allow":["GET"]}}],"collection":[{"href":"https:\/\/centre-equestre-palis.fr\/index.php?rest_route=\/wp\/v2\/pages"}],"about":[{"href":"https:\/\/centre-equestre-palis.fr\/index.php?rest_route=\/wp\/v2\/types\/page"}],"author":[{"embeddable":true,"href":"https:\/\/centre-equestre-palis.fr\/index.php?rest_route=\/wp\/v2\/users\/3"}],"replies":[{"embeddable":true,"href":"https:\/\/centre-equestre-palis.fr\/index.php?rest_route=%2Fwp%2Fv2%2Fcomments&post=413"}],"version-history":[{"count":413,"href":"https:\/\/centre-equestre-palis.fr\/index.php?rest_route=\/wp\/v2\/pages\/413\/revisions"}],"predecessor-version":[{"id":2733,"href":"https:\/\/centre-equestre-palis.fr\/index.php?rest_route=\/wp\/v2\/pages\/413\/revisions\/2733"}],"wp:attachment":[{"href":"https:\/\/centre-equestre-palis.fr\/index.php?rest_route=%2Fwp%2Fv2%2Fmedia&parent=413"}],"curies":[{"name":"wp","href":"https:\/\/api.w.org\/{rel}","templated":true}]}}